{"id":4359,"date":"2022-05-10T10:58:07","date_gmt":"2022-05-10T10:58:07","guid":{"rendered":"https:\/\/imprenta.org.es\/cerdanyola-del-valles\/?page_id=4359"},"modified":"2022-09-21T08:58:53","modified_gmt":"2022-09-21T08:58:53","slug":"vinilo-decorativo","status":"publish","type":"page","link":"https:\/\/imprenta.org.es\/cerdanyola-del-valles\/vinilo-decorativo\/","title":{"rendered":"VINILO DECORATIVO"},"content":{"rendered":"<div class=\"wpb-content-wrapper\"><p>[vc_row css_animation=\u00bb\u00bb row_type=\u00bbrow\u00bb use_row_as_full_screen_section=\u00bbno\u00bb type=\u00bbfull_width\u00bb angled_section=\u00bbno\u00bb text_align=\u00bbleft\u00bb background_image_as_pattern=\u00bbwithout_pattern\u00bb css=\u00bb.vc_custom_1651823328478{padding-top: 100px !important;background-color: #c54440 !important;}\u00bb z_index=\u00bb\u00bb][vc_column][\/vc_column][\/vc_row][vc_row css_animation=\u00bb\u00bb row_type=\u00bbrow\u00bb use_row_as_full_screen_section=\u00bbno\u00bb type=\u00bbgrid\u00bb angled_section=\u00bbno\u00bb text_align=\u00bbcenter\u00bb background_image_as_pattern=\u00bbwithout_pattern\u00bb anchor=\u00bbservicios\u00bb z_index=\u00bb\u00bb css=\u00bb.vc_custom_1651823302838{padding-top: 104px !important;}\u00bb background_color=\u00bb#ffffff\u00bb border_color=\u00bb#ffffff\u00bb][vc_column css=\u00bb.vc_custom_1649233684177{background-color: #ffffff !important;}\u00bb][vc_column_text]<\/p>\n<h6><strong>DECORACI\u00d3N PARA ESCAPARATES, HOGAR, ETC<\/strong><\/h6>\n<p>[\/vc_column_text][vc_empty_space height=\u00bb3px\u00bb][vc_column_text]<\/p>\n<h1 style=\"text-align: center;\"><strong>VINILO DECORATIVO EN CERDANYOLA<\/strong><\/h1>\n<p>[\/vc_column_text][\/vc_column][\/vc_row][vc_row css_animation=\u00bb\u00bb row_type=\u00bbrow\u00bb use_row_as_full_screen_section=\u00bbno\u00bb type=\u00bbgrid\u00bb angled_section=\u00bbno\u00bb text_align=\u00bbleft\u00bb background_image_as_pattern=\u00bbwithout_pattern\u00bb anchor=\u00bbservices\u00bb z_index=\u00bb\u00bb css=\u00bb.vc_custom_1526038681101{padding-top: 104px !important;padding-bottom: 27px !important;}\u00bb][vc_column][vc_column_text]<\/p>\n<p style=\"text-align: center;\">Llevamos a cabo la fabricaci\u00f3n y el dise\u00f1o de todo tipo de <strong>vinilos decorativos en Cerdanyola del Vall\u00e9s<\/strong> a precios econ\u00f3micos. Vinilos microperforados, glaseados, opacos, etc. <strong>Compra tus vinilos online para tu negocio en Cerdanyola del Vall\u00e9s<\/strong>.<\/p>\n<p>[\/vc_column_text][vc_single_image image=\u00bb4367&#8243; img_size=\u00bbfull\u00bb alignment=\u00bbcenter\u00bb qode_css_animation=\u00bb\u00bb css=\u00bb.vc_custom_1652255040723{margin-top: 25px !important;}\u00bb][\/vc_column][\/vc_row][vc_row css_animation=\u00bb\u00bb row_type=\u00bbrow\u00bb use_row_as_full_screen_section=\u00bbno\u00bb type=\u00bbgrid\u00bb angled_section=\u00bbno\u00bb text_align=\u00bbcenter\u00bb background_image_as_pattern=\u00bbwithout_pattern\u00bb anchor=\u00bbproductos\u00bb z_index=\u00bb\u00bb css=\u00bb.vc_custom_1651736078657{padding-top: 104px !important;background-color: #ffffff !important;}\u00bb background_color=\u00bb#ffffff\u00bb border_color=\u00bb#ffffff\u00bb][vc_column css=\u00bb.vc_custom_1649236070094{background-color: #ffffff !important;}\u00bb][vc_column_text]<\/p>\n<h6><strong>LOWCOST<\/strong><\/h6>\n<p>[\/vc_column_text][vc_empty_space height=\u00bb3px\u00bb][vc_column_text css=\u00bb.vc_custom_1652179554158{margin-bottom: 50px !important;}\u00bb]<\/p>\n<h2><strong>VINILOS DECORATIVOS<\/strong><\/h2>\n<p>[\/vc_column_text][vc_column_text]<\/p>\n<p style=\"text-align: center;\">La producci\u00f3n de vinilos est\u00e1 muy demanda ya que ofrecemos vinilos econ\u00f3micos sin perder la calidad que nos caracteriza. Se debe realizar un trabajo de campo antes de llevar a cabo la producci\u00f3n de dicho vinilo, ya que es de vital importancia saber d\u00f3nde estar\u00e1 colocado, que tipo se adapta mejor a tus necesidades, etc.<\/p>\n<p>[\/vc_column_text][vc_empty_space height=\u00bb50px\u00bb][vc_row_inner row_type=\u00bbrow\u00bb type=\u00bbfull_width\u00bb text_align=\u00bbleft\u00bb css_animation=\u00bb\u00bb css=\u00bb.vc_custom_1651827043161{margin-top: 50px !important;margin-bottom: 50px !important;}\u00bb][vc_column_inner width=\u00bb1\/3&#8243;]<div class=\"image_with_text\"><img decoding=\"async\" itemprop=\"image\" src=\"https:\/\/imprenta.org.es\/cerdanyola-del-valles\/wp-content\/uploads\/2022\/05\/Vinilo-de-Corte-Cerdanyola-del-Valles.jpg\" alt=\"VINILO DE CORTE\" \/><h3 >VINILO DE CORTE<\/h3><span style=\"margin: 6px 0px;\" class=\"separator transparent\"><\/span>Para uso en exteriores e interiores, forma y medida personalizable.<\/div><a  itemprop=\"url\" href=\"https:\/\/api.whatsapp.com\/send?phone=+34603858264&amp;text=Necesito%20informaci%C3%B3n%20acerca%20de%20vinilos%20de%20corte\" target=\"_self\" data-hover-background-color=#dd5252  class=\"qbutton  center default\" style=\"color: #ffffff; background-color: #dd3333;\">M\u00c1S INFORMACI\u00d3N<i class=\"qode_icon_font_awesome fa fa-info qode_button_icon_element\" style=\"color: #ffffff;\" ><\/i><\/a>[\/vc_column_inner][vc_column_inner width=\u00bb1\/3&#8243;]<div class=\"image_with_text\"><img decoding=\"async\" itemprop=\"image\" src=\"https:\/\/imprenta.org.es\/cerdanyola-del-valles\/wp-content\/uploads\/2022\/05\/Vinilo-Impreso-Cerdanyola-del-Valles.jpg\" alt=\"VINILO IMPRESO\" \/><h3 >VINILO IMPRESO<\/h3><span style=\"margin: 6px 0px;\" class=\"separator transparent\"><\/span>Para uso en exteriores e interiores, medida personalizable.<\/div><a  itemprop=\"url\" href=\"https:\/\/api.whatsapp.com\/send?phone=+34603858264&amp;text=Necesito%20informaci%C3%B3n%20acerca%20de%20vinilos%20impresos\" target=\"_self\" data-hover-background-color=#dd5252  class=\"qbutton  center default\" style=\"color: #ffffff; background-color: #dd3333;\">M\u00c1S INFORMACI\u00d3N<i class=\"qode_icon_font_awesome fa fa-info qode_button_icon_element\" style=\"color: #ffffff;\" ><\/i><\/a>[\/vc_column_inner][vc_column_inner width=\u00bb1\/3&#8243;]<div class=\"image_with_text\"><img decoding=\"async\" itemprop=\"image\" src=\"https:\/\/imprenta.org.es\/cerdanyola-del-valles\/wp-content\/uploads\/2022\/05\/Vinilo-para-Vehiculos-Cerdanyola-del-Valles.jpg\" alt=\"VINILO VEH\u00cdCULOS\" \/><h3 >VINILO VEH\u00cdCULOS<\/h3><span style=\"margin: 6px 0px;\" class=\"separator transparent\"><\/span>Personaliza tu veh\u00edculo, ya sea uso personal, comercial, etc.<\/div><a  itemprop=\"url\" href=\"https:\/\/api.whatsapp.com\/send?phone=+34603858264&amp;text=Necesito%20informaci%C3%B3n%20acerca%20de%20vinilos%20para%20vehiculos\" target=\"_self\" data-hover-background-color=#dd5252  class=\"qbutton  center default\" style=\"color: #ffffff; background-color: #dd3333;\">M\u00c1S INFORMACI\u00d3N<i class=\"qode_icon_font_awesome fa fa-info qode_button_icon_element\" style=\"color: #ffffff;\" ><\/i><\/a>[\/vc_column_inner][\/vc_row_inner][\/vc_column][\/vc_row][vc_row css_animation=\u00bb\u00bb row_type=\u00bbrow\u00bb use_row_as_full_screen_section=\u00bbno\u00bb type=\u00bbfull_width\u00bb angled_section=\u00bbno\u00bb text_align=\u00bbleft\u00bb background_image_as_pattern=\u00bbwithout_pattern\u00bb css=\u00bb.vc_custom_1651827016600{background-color: #000000 !important;}\u00bb z_index=\u00bb\u00bb][vc_column]<div class=\"call_to_action normal\" style=\"background-color: #000000;\"><div class=\"container_inner\"><div class=\"two_columns_75_25 clearfix\"><div class=\"text_wrapper column1\"><div class=\"call_to_action_text \" style=\"\">\n<h3><span style=\"color: #ffffff;\">Pru\u00e9banos ahora y empieza a imprimir tus vinilos.<\/span><\/h3>\n<\/div><\/div><div class=\"button_wrapper column2\"><a itemprop=\"url\" href=\"https:\/\/api.whatsapp.com\/send?phone=34603858264&amp;text=Hola%20necesito%20tu%20asesoramiento%20sobre%20vinilos\" class=\"qbutton white \" target=\"_self\" style=\"\">Asesorar<\/a><\/div><\/div><\/div><\/div>[\/vc_column][\/vc_row][vc_row css_animation=\u00bb\u00bb row_type=\u00bbrow\u00bb use_row_as_full_screen_section=\u00bbno\u00bb type=\u00bbgrid\u00bb angled_section=\u00bbno\u00bb text_align=\u00bbcenter\u00bb background_image_as_pattern=\u00bbwithout_pattern\u00bb anchor=\u00bbproductos\u00bb z_index=\u00bb\u00bb css=\u00bb.vc_custom_1651736078657{padding-top: 104px !important;background-color: #ffffff !important;}\u00bb background_color=\u00bb#ffffff\u00bb border_color=\u00bb#ffffff\u00bb][vc_column css=\u00bb.vc_custom_1649236070094{background-color: #ffffff !important;}\u00bb][vc_column_text]<\/p>\n<h6><strong>MATERIAL ALTA CALIDAD<\/strong><\/h6>\n<p>[\/vc_column_text][vc_empty_space height=\u00bb3px\u00bb][vc_column_text css=\u00bb.vc_custom_1651824894976{margin-bottom: 50px !important;}\u00bb]<\/p>\n<h2><strong>\u00bfPOR QU\u00c9 ELEGIRNOS?<\/strong><\/h2>\n<p>[\/vc_column_text][vc_column_text]<\/p>\n<p style=\"text-align: center;\">Nos dedicamos al dise\u00f1o, fabricaci\u00f3n e instalaci\u00f3n de <b>vinilos decorativos<\/b> ya sea de corte, impreso, glaseado, opacos, as\u00ed como a la realizaci\u00f3n de trabajos en impresi\u00f3n digital de peque\u00f1o y gran formato sobre diferentes materiales, lona, vinilo, papel y textil.<\/p>\n<p>&nbsp;<\/p>\n<p style=\"text-align: center;\">Tratamos de proporcionar<strong> las mejores soluciones de vinilos <\/strong>a particulares, empresas y entidades de diferentes sectores, desde el peque\u00f1o comercio hasta las grandes firmas.<\/p>\n<p>&nbsp;<\/p>\n<p style=\"text-align: center;\">Somos fabricantes y distribuidores de distintos tipos de soportes publicitarios, fijos y port\u00e1tiles para ferias, congresos, exposiciones, etc.<\/p>\n<p>&nbsp;<\/p>\n<p style=\"text-align: center;\">Para poder llevar a cabo nuestros proyectos <strong>contamos con maquinaria de \u00faltima tecnolog\u00eda<\/strong> y un<strong> equipo de profesionales<\/strong> con una amplia experiencia en el sector, que durante el proceso de fabricaci\u00f3n prestan una especial atenci\u00f3n e inter\u00e9s par\u00e1ndose en cada detalle para conseguir acabados perfectos, y poder compartir con nuestros clientes la satisfacci\u00f3n de un trabajo bien hecho.<\/p>\n<p>&nbsp;<\/p>\n<p style=\"text-align: center;\">Si est\u00e1s interesado en realizar un vinilo, no dudes en contactarnos, expl\u00edcanos que necesitas y encarga tu vinilo personalizado y a medida, ya sea para decorar paredes, escaparates, veh\u00edculos, etc. Tenemos el vinilo adhesivo que necesitas.<\/p>\n<p>&nbsp;<\/p>\n<p style=\"text-align: center;\">Elaboramos un presupuesto personalizado, desde el dise\u00f1o y la fabricaci\u00f3n del vinilo hasta su instalaci\u00f3n. En caso de tener un <strong>vinilo deteriorad<\/strong>o o con informaci\u00f3n a renovar, cons\u00faltanos porque tambi\u00e9n <strong>nos encargamos de retirar<\/strong> los vinilos que ya no quieras y sustituirlos por unos nuevos.<\/p>\n<p>&nbsp;<\/p>\n<p style=\"text-align: center;\">En algunos vinilos decorativos el corte en espejo est\u00e1 concebido para su aplicaci\u00f3n en cristal, sobre todo los que llevan textos, al colocarlos sobre el interior del cristal con el corte en espejo, el texto se leer\u00e1 bien desde el exterior.<\/p>\n<p>&nbsp;<\/p>\n<p style=\"text-align: center;\">Dise\u00f1amos, confeccionamos e instalamos vinilos de corte e impresi\u00f3n digital en distintos colores, tipos y acabados sobre diferentes soportes, cristaleras, paredes, mamparas, puertas, etc.<\/p>\n<p>&nbsp;<\/p>\n<div style=\"text-align: center;\">\n<div style=\"text-align: center;\">No dude en ponerse en contacto con nosotros para que podamos asesorarle en el su dise\u00f1o de sus vinilos en Cerdanyola del Vall\u00e9s, podemos ayudarte con el dise\u00f1o, los materiales, y todo lo que necesites para que su <strong>vinilo decorativo<\/strong>\u00a0sea exactamente lo que necesita, sin tener que gastar dinero de m\u00e1s ni obtener resultados inesperados o indeseados.<\/div>\n<\/div>\n<div style=\"text-align: center;\"><\/div>\n<div style=\"text-align: center;\"><\/div>\n<div><\/div>\n<div><\/div>\n<div><\/div>\n<div>\n<div style=\"text-align: center;\">Rotulaci\u00f3n al mejor precio. Trato personalizado, ll\u00e1menos! PVC Y\u00a0<b>Luminosos<\/b>. Bandejas De Aluminio. Acero Inoxidable. Corp\u00f3reas De Aluminio. Tipos:\u00a0<b>Luminosos<\/b>, Corp\u00f3reos, Acero Inoxidable, Aluminio, PVC, vinilos y lonas publicitarias.<\/div>\n<\/div>\n<p>[\/vc_column_text][vc_empty_space height=\u00bb50px\u00bb][\/vc_column][\/vc_row][vc_row css_animation=\u00bb\u00bb row_type=\u00bbrow\u00bb use_row_as_full_screen_section=\u00bbno\u00bb type=\u00bbgrid\u00bb angled_section=\u00bbno\u00bb text_align=\u00bbleft\u00bb background_image_as_pattern=\u00bbwithout_pattern\u00bb css=\u00bb.vc_custom_1651825413976{padding-top: 10px !important;padding-bottom: 10px !important;background-color: #000000 !important;}\u00bb z_index=\u00bb\u00bb][vc_column]<div class=\"call_to_action normal\" style=\"background-color: #000000;\"><div class=\"container_inner\"><div class=\"two_columns_75_25 clearfix\"><div class=\"text_wrapper column1\"><div class=\"call_to_action_text \" style=\"\">\n<h3><span style=\"color: #ffffff;\">Nuestros especialistas te asesorar\u00e1n para llevar a cabo tu proyecto publicitario. <\/span><\/h3>\n<\/div><\/div><div class=\"button_wrapper column2\"><a itemprop=\"url\" href=\"https:\/\/api.whatsapp.com\/send?phone=34603858264&amp;text=Hola%20necesito%20tu%20asesoramiento%20sobre%20vuestros%20productos\" class=\"qbutton white \" target=\"_self\" style=\"\">Asesorar<\/a><\/div><\/div><\/div><\/div>[\/vc_column][\/vc_row][vc_row css_animation=\u00bb\u00bb row_type=\u00bbrow\u00bb use_row_as_full_screen_section=\u00bbno\u00bb type=\u00bbfull_width\u00bb angled_section=\u00bbno\u00bb text_align=\u00bbleft\u00bb background_image_as_pattern=\u00bbwithout_pattern\u00bb][vc_column][vc_column_text]<\/p>\n<p style=\"text-align: center;\"><span style=\"color: #ffffff;\">Imprenta en Barcelona, Imprenta en\u00a0Badia, Imprenta en Barber\u00e0 del Vall\u00e8s, Imprenta en Castellar, Imprenta en Castellbisbal, Imprenta en Gallifa, Imprenta en Matadepera, Imprenta en Montcada i Reixac, Imprenta en Palau-solit\u00e0 i Plegamans, Imprenta en Poliny\u00e0 , Imprenta en Rellinars, Imprenta en Ripollet, Imprenta en Rub\u00ed, Imprenta en Sabadell, Centre, Imprenta en L\u2019eixample, Imprenta en Sant Cugat del Vall\u00e8s, Imprenta en Sant Lloren\u00e7 Savall, Imprenta en Sant Quirze del Vall\u00e8s, Imprenta en Santa Perp\u00e8tua de Mogoda, Imprenta en Sentmenat, Imprenta en Terrassa, Imprenta en Ullastrell, Imprenta en Vacarisses, Imprenta en Viladecavalls, Imprenta en Badalona, Imprenta en Les Corts, Imprenta en Barrio g\u00f3tico, Imprenta en Nou Barris, Imprenta en Horta- Guinard\u00f3, Imprenta en Sarri\u00e0-Sant Gervasi, Imprenta en Les Corts, Imprenta en Gr\u00e0cia, Imprenta en Sants, Imprenta en Eixample, Imprenta en Hospitalet.<\/span><\/p>\n<p>[\/vc_column_text][\/vc_column][\/vc_row]<\/p>\n<\/div>","protected":false},"excerpt":{"rendered":"<p>[vc_row css_animation=\u00bb\u00bb row_type=\u00bbrow\u00bb use_row_as_full_screen_section=\u00bbno\u00bb type=\u00bbfull_width\u00bb angled_section=\u00bbno\u00bb text_align=\u00bbleft\u00bb background_image_as_pattern=\u00bbwithout_pattern\u00bb css=\u00bb.vc_custom_1651823328478{padding-top: 100px !important;background-color: #c54440 !important;}\u00bb z_index=\u00bb\u00bb][vc_column][\/vc_column][\/vc_row][vc_row css_animation=\u00bb\u00bb row_type=\u00bbrow\u00bb use_row_as_full_screen_section=\u00bbno\u00bb type=\u00bbgrid\u00bb angled_section=\u00bbno\u00bb text_align=\u00bbcenter\u00bb background_image_as_pattern=\u00bbwithout_pattern\u00bb anchor=\u00bbservicios\u00bb z_index=\u00bb\u00bb css=\u00bb.vc_custom_1651823302838{padding-top: 104px !important;}\u00bb background_color=\u00bb#ffffff\u00bb border_color=\u00bb#ffffff\u00bb][vc_column css=\u00bb.vc_custom_1649233684177{background-color: #ffffff !important;}\u00bb][vc_column_text] DECORACI\u00d3N PARA ESCAPARATES, HOGAR, ETC [\/vc_column_text][vc_empty_space height=\u00bb3px\u00bb][vc_column_text] VINILO DECORATIVO EN CERDANYOLA [\/vc_column_text][\/vc_column][\/vc_row][vc_row css_animation=\u00bb\u00bb row_type=\u00bbrow\u00bb&#8230;<\/p>\n","protected":false},"author":1,"featured_media":4588,"parent":0,"menu_order":0,"comment_status":"closed","ping_status":"closed","template":"full_width.php","meta":{"footnotes":""},"yst_prominent_words":[428,465,459,463,283,496,146,462,461,457],"class_list":["post-4359","page","type-page","status-publish","has-post-thumbnail","hentry"],"_links":{"self":[{"href":"https:\/\/imprenta.org.es\/cerdanyola-del-valles\/wp-json\/wp\/v2\/pages\/4359","targetHints":{"allow":["GET"]}}],"collection":[{"href":"https:\/\/imprenta.org.es\/cerdanyola-del-valles\/wp-json\/wp\/v2\/pages"}],"about":[{"href":"https:\/\/imprenta.org.es\/cerdanyola-del-valles\/wp-json\/wp\/v2\/types\/page"}],"author":[{"embeddable":true,"href":"https:\/\/imprenta.org.es\/cerdanyola-del-valles\/wp-json\/wp\/v2\/users\/1"}],"replies":[{"embeddable":true,"href":"https:\/\/imprenta.org.es\/cerdanyola-del-valles\/wp-json\/wp\/v2\/comments?post=4359"}],"version-history":[{"count":6,"href":"https:\/\/imprenta.org.es\/cerdanyola-del-valles\/wp-json\/wp\/v2\/pages\/4359\/revisions"}],"predecessor-version":[{"id":4589,"href":"https:\/\/imprenta.org.es\/cerdanyola-del-valles\/wp-json\/wp\/v2\/pages\/4359\/revisions\/4589"}],"wp:featuredmedia":[{"embeddable":true,"href":"https:\/\/imprenta.org.es\/cerdanyola-del-valles\/wp-json\/wp\/v2\/media\/4588"}],"wp:attachment":[{"href":"https:\/\/imprenta.org.es\/cerdanyola-del-valles\/wp-json\/wp\/v2\/media?parent=4359"}],"wp:term":[{"taxonomy":"yst_prominent_words","embeddable":true,"href":"https:\/\/imprenta.org.es\/cerdanyola-del-valles\/wp-json\/wp\/v2\/yst_prominent_words?post=4359"}],"curies":[{"name":"wp","href":"https:\/\/api.w.org\/{rel}","templated":true}]}}