{"id":4414,"date":"2022-05-13T09:25:09","date_gmt":"2022-05-13T09:25:09","guid":{"rendered":"https:\/\/imprenta.org.es\/cerdanyola-del-valles\/?page_id=4414"},"modified":"2022-09-21T09:27:21","modified_gmt":"2022-09-21T09:27:21","slug":"diseno-de-logotipo","status":"publish","type":"page","link":"https:\/\/imprenta.org.es\/cerdanyola-del-valles\/diseno-de-logotipo\/","title":{"rendered":"DISE\u00d1O DE LOGOS"},"content":{"rendered":"<div class=\"wpb-content-wrapper\"><p>[vc_row css_animation=\u00bb\u00bb row_type=\u00bbrow\u00bb use_row_as_full_screen_section=\u00bbno\u00bb type=\u00bbfull_width\u00bb angled_section=\u00bbno\u00bb text_align=\u00bbleft\u00bb background_image_as_pattern=\u00bbwithout_pattern\u00bb css=\u00bb.vc_custom_1651823328478{padding-top: 100px !important;background-color: #c54440 !important;}\u00bb z_index=\u00bb\u00bb][vc_column][\/vc_column][\/vc_row][vc_row css_animation=\u00bb\u00bb row_type=\u00bbrow\u00bb use_row_as_full_screen_section=\u00bbno\u00bb type=\u00bbgrid\u00bb angled_section=\u00bbno\u00bb text_align=\u00bbcenter\u00bb background_image_as_pattern=\u00bbwithout_pattern\u00bb anchor=\u00bbservicios\u00bb z_index=\u00bb\u00bb css=\u00bb.vc_custom_1651823302838{padding-top: 104px !important;}\u00bb background_color=\u00bb#ffffff\u00bb border_color=\u00bb#ffffff\u00bb][vc_column css=\u00bb.vc_custom_1649233684177{background-color: #ffffff !important;}\u00bb][vc_column_text]<\/p>\n<h6><strong>LOGOTIPO, ISOTIPO, IMAGOTIPO<\/strong><\/h6>\n<p>[\/vc_column_text][vc_empty_space height=\u00bb3px\u00bb][vc_column_text]<\/p>\n<h1 style=\"text-align: center;\"><strong>DISE\u00d1O DE LOGOS EN CERDANYOLA<\/strong><\/h1>\n<p>[\/vc_column_text][\/vc_column][\/vc_row][vc_row css_animation=\u00bb\u00bb row_type=\u00bbrow\u00bb use_row_as_full_screen_section=\u00bbno\u00bb type=\u00bbgrid\u00bb angled_section=\u00bbno\u00bb text_align=\u00bbleft\u00bb background_image_as_pattern=\u00bbwithout_pattern\u00bb anchor=\u00bbservices\u00bb z_index=\u00bb\u00bb css=\u00bb.vc_custom_1526038681101{padding-top: 104px !important;padding-bottom: 27px !important;}\u00bb][vc_column][vc_column_text]<\/p>\n<p style=\"text-align: center;\">Llevamos a cabo la elaboraci\u00f3n del dise\u00f1o de todo tipo de <strong>logotipos en Cerdanyola del Vall\u00e9s<\/strong> a precios econ\u00f3micos. Logotipo, isotipo, monograqma, imagotipo, isologo. <strong>Compra tu logo online para tu negocio en Cerdanyola del Vall\u00e9s<\/strong>.<\/p>\n<p>[\/vc_column_text][vc_single_image image=\u00bb4415&#8243; img_size=\u00bbfull\u00bb alignment=\u00bbcenter\u00bb qode_css_animation=\u00bb\u00bb css=\u00bb.vc_custom_1652433408429{margin-top: 25px !important;}\u00bb][\/vc_column][\/vc_row][vc_row css_animation=\u00bb\u00bb row_type=\u00bbrow\u00bb use_row_as_full_screen_section=\u00bbno\u00bb type=\u00bbgrid\u00bb angled_section=\u00bbno\u00bb text_align=\u00bbcenter\u00bb background_image_as_pattern=\u00bbwithout_pattern\u00bb anchor=\u00bbproductos\u00bb z_index=\u00bb\u00bb css=\u00bb.vc_custom_1651736078657{padding-top: 104px !important;background-color: #ffffff !important;}\u00bb background_color=\u00bb#ffffff\u00bb border_color=\u00bb#ffffff\u00bb][vc_column css=\u00bb.vc_custom_1649236070094{background-color: #ffffff !important;}\u00bb][vc_column_text]<\/p>\n<h6><strong>LOWCOST<\/strong><\/h6>\n<p>[\/vc_column_text][vc_empty_space height=\u00bb3px\u00bb][vc_column_text css=\u00bb.vc_custom_1652433437667{margin-bottom: 50px !important;}\u00bb]<\/p>\n<h2><strong>DISE\u00d1O DE LOGOS PROFESIONALES<\/strong><\/h2>\n<p>[\/vc_column_text][vc_column_text]<\/p>\n<p style=\"text-align: center;\">La elaboraci\u00f3n de cada logo est\u00e1 configurada al mil\u00edmetro, para as\u00ed representar tu marca. Se debe realizar un trabajo de campo antes de llevar a cabo la elaboraci\u00f3n de dicho dise\u00f1o, ya que es de vital importancia saber que queremos representar con el dise\u00f1o del logotipo.<\/p>\n<p>[\/vc_column_text][vc_empty_space height=\u00bb50px\u00bb][\/vc_column][\/vc_row][vc_row css_animation=\u00bb\u00bb row_type=\u00bbrow\u00bb use_row_as_full_screen_section=\u00bbno\u00bb type=\u00bbfull_width\u00bb angled_section=\u00bbno\u00bb text_align=\u00bbleft\u00bb background_image_as_pattern=\u00bbwithout_pattern\u00bb css=\u00bb.vc_custom_1651827016600{background-color: #000000 !important;}\u00bb z_index=\u00bb\u00bb][vc_column]<div class=\"call_to_action normal\" style=\"background-color: #000000;\"><div class=\"container_inner\"><div class=\"two_columns_75_25 clearfix\"><div class=\"text_wrapper column1\"><div class=\"call_to_action_text \" style=\"\">\n<h3><span style=\"color: #ffffff;\">Pru\u00e9banos ahora y empieza elaborar tu logotipo.<\/span><\/h3>\n<\/div><\/div><div class=\"button_wrapper column2\"><a itemprop=\"url\" href=\"https:\/\/api.whatsapp.com\/send?phone=+34603858264&amp;text=Necesito%20informaci%C3%B3n%20acerca%20de%20logotipos\" class=\"qbutton white \" target=\"_self\" style=\"\">Asesorar<\/a><\/div><\/div><\/div><\/div>[\/vc_column][\/vc_row][vc_row css_animation=\u00bb\u00bb row_type=\u00bbrow\u00bb use_row_as_full_screen_section=\u00bbno\u00bb type=\u00bbgrid\u00bb angled_section=\u00bbno\u00bb text_align=\u00bbcenter\u00bb background_image_as_pattern=\u00bbwithout_pattern\u00bb anchor=\u00bbproductos\u00bb z_index=\u00bb\u00bb css=\u00bb.vc_custom_1651736078657{padding-top: 104px !important;background-color: #ffffff !important;}\u00bb background_color=\u00bb#ffffff\u00bb border_color=\u00bb#ffffff\u00bb][vc_column css=\u00bb.vc_custom_1649236070094{background-color: #ffffff !important;}\u00bb][vc_column_text]<\/p>\n<h6><strong>FIELES A TU NEGOCIO<\/strong><\/h6>\n<p>[\/vc_column_text][vc_empty_space height=\u00bb3px\u00bb][vc_column_text css=\u00bb.vc_custom_1651824894976{margin-bottom: 50px !important;}\u00bb]<\/p>\n<h2><strong>\u00bfPOR QU\u00c9 ELEGIRNOS?<\/strong><\/h2>\n<p>[\/vc_column_text][vc_column_text]<\/p>\n<p style=\"text-align: center;\">La palabra\u00a0<strong>logo\u00a0<\/strong>proviene de la palabra griega\u00a0<strong>logos<\/strong>, la cual significa palabra y es la representaci\u00f3n visual de la marca y con la cual identificamos d\u00e1ndole diferencia y reconocimiento.<\/p>\n<p>&nbsp;<\/p>\n<p>&nbsp;<\/p>\n<p style=\"text-align: center;\">El logotipo est\u00e1 compuesto por elementos gr\u00e1ficos y\/o tipogr\u00e1ficos, cuya composici\u00f3n y combinaci\u00f3n deber hacer su papel, comunicar un mensaje claro y directo. \u00c9ste debe transmitir un conjunto de valores y puede transformar la visi\u00f3n que tiene el cliente de la empresa o negocio.<\/p>\n<p>&nbsp;<\/p>\n<p style=\"text-align: center;\"><strong>Tipos de logotipos<\/strong><\/p>\n<p style=\"text-align: center;\">C\u00f3mo se construye y qu\u00e9 elementos debe tener el logo a la hora de dise\u00f1arlo, es importante saber que existen varios tipos de logos:<\/p>\n<p>&nbsp;<\/p>\n<p style=\"text-align: center;\"><strong>Logotipo:\u00a0<\/strong>est\u00e1 compuesto por tipograf\u00eda, d\u00f3nde no se necesita de una imagen o un s\u00edmbolo. Este tipo de dise\u00f1o se asocia de manera r\u00e1pida el nombre comercial con la identidad visual, pero se puede generar confusi\u00f3n si en la marca no se identifica que hace.<\/p>\n<p>&nbsp;<\/p>\n<p style=\"text-align: center;\"><strong>Isotipo o s\u00edmbolo:\u00a0<\/strong>es la imagen o el s\u00edmbolo caracter\u00edstico que representa una marca, \u00e9ste no incluye el nombre, funciona por s\u00ed solo por lo que al visualizar la marca puedes identificar cual es.<\/p>\n<p>&nbsp;<\/p>\n<p style=\"text-align: center;\"><strong>Monograma:\u00a0<\/strong>est\u00e1 compuesto por dos o m\u00e1s letras, cuya combinaci\u00f3n y\/o composici\u00f3n puede formar un s\u00edmbolo o imagen con caracter\u00edsticas particulares de la marca, negocio y\/o empresa. El uso de \u00e9sta permite una clara y r\u00e1pida identificaci\u00f3n de la marca.<\/p>\n<p>&nbsp;<\/p>\n<p style=\"text-align: center;\"><strong>Imagotipo:\u00a0<\/strong>usa tipograf\u00eda en conjunto con imagen y\/o s\u00edmbolo, que funcionan de forma independiente si se separan.<\/p>\n<p>&nbsp;<\/p>\n<p style=\"text-align: center;\"><strong>Isologo:\u00a0<\/strong>es la combinaci\u00f3n de imagen con tipograf\u00eda y\/o viceversa, d\u00f3nde uno depende del otro y si se separan dejan de funcionar.<\/p>\n<p>&nbsp;<\/p>\n<p>&nbsp;<\/p>\n<p style=\"text-align: center;\"><strong>\u00bfQu\u00e9 caracter\u00edstica debe tener tu logotipo?<\/strong><\/p>\n<p style=\"text-align: center;\">Para que tu logotipo sea funcional hay que seguir los siguientes puntos clave, ya que si pierde alguna de las siguientes funciones, el logotipo perder\u00e1 fuerza y significado.<\/p>\n<p>&nbsp;<\/p>\n<p style=\"text-align: center;\">Las caracter\u00edsticas que debe tener un logotipo son:<\/p>\n<p style=\"text-align: center;\"><strong>Singularidad:\u00a0<\/strong>debe transmitir y proyectar aquello que le caracteriza, sobre todo, cuando convive con un conjunto de marcas que hacen lo mismo o similar.<\/p>\n<p>&nbsp;<\/p>\n<p style=\"text-align: center;\"><strong>Prop\u00f3sito y\/o significado:\u00a0<\/strong>debe haber un fondo detr\u00e1s, contar una historia, conectar con los valores de la empresa. Por qu\u00e9 ser\u00e1 as\u00ed y no de otra forma.<\/p>\n<p>&nbsp;<\/p>\n<p style=\"text-align: center;\"><strong>Memorable:<\/strong>\u00a0que sea reconocible a simple vista y permita generar una conexi\u00f3n inmediata y quedar en nuestra memoria.<\/p>\n<p>&nbsp;<\/p>\n<p style=\"text-align: center;\"><strong>Duradero:\u00a0<\/strong>debe durar en el tempo, sin perder esencia, teniendo en cuenta que vivimos en una sociedad sometida a cambios constantes.<\/p>\n<p>&nbsp;<\/p>\n<p style=\"text-align: center;\"><strong>Flexible:\u00a0<\/strong>debe ser vers\u00e1til y debe ser adaptable, que tenga una buena legibilidad en cualquier soporte y en cualquier tama\u00f1o.<\/p>\n<p>&nbsp;<\/p>\n<p style=\"text-align: center;\"><strong>Simple:\u00a0<\/strong>no debe estar recargado con elementos decorativos e innecesarios que puedan llegar a confundir o comunicar distintos mensajes ante el cliente. EL enfoque debe ser hacia un concepto espec\u00edfico y fundamental para la empresa y todo aquello que se use debe estar justificado.<\/p>\n<div style=\"text-align: center;\">No dude en ponerse en contacto con nosotros para que podamos asesorarle en el dise\u00f1o de su logotipo en Cerdanyola del Vall\u00e9s, podemos ayudarte con el dise\u00f1o, los materiales, y todo lo que necesites para que su <strong>logotipo<\/strong>\u00a0sea exactamente lo que necesita, sin tener que gastar dinero de m\u00e1s ni obtener resultados inesperados o indeseados.<\/div>\n<div style=\"text-align: center;\">Rotulaci\u00f3n al mejor precio. Trato personalizado, ll\u00e1menos! PVC Y\u00a0<b>Luminosos<\/b>. Bandejas De Aluminio. Acero Inoxidable. Corp\u00f3reas De Aluminio. Tipos:\u00a0<b>Luminosos<\/b>, Corp\u00f3reos, Acero Inoxidable, Aluminio, PVC, vinilos y lonas publicitarias.<\/div>\n<p>[\/vc_column_text][vc_empty_space height=\u00bb50px\u00bb][\/vc_column][\/vc_row][vc_row css_animation=\u00bb\u00bb row_type=\u00bbrow\u00bb use_row_as_full_screen_section=\u00bbno\u00bb type=\u00bbgrid\u00bb angled_section=\u00bbno\u00bb text_align=\u00bbleft\u00bb background_image_as_pattern=\u00bbwithout_pattern\u00bb css=\u00bb.vc_custom_1651825413976{padding-top: 10px !important;padding-bottom: 10px !important;background-color: #000000 !important;}\u00bb z_index=\u00bb\u00bb][vc_column]<div class=\"call_to_action normal\" style=\"background-color: #000000;\"><div class=\"container_inner\"><div class=\"two_columns_75_25 clearfix\"><div class=\"text_wrapper column1\"><div class=\"call_to_action_text \" style=\"\">\n<h3><span style=\"color: #ffffff;\">Nuestros especialistas te asesorar\u00e1n para llevar a cabo tu proyecto publicitario. <\/span><\/h3>\n<\/div><\/div><div class=\"button_wrapper column2\"><a itemprop=\"url\" href=\"https:\/\/api.whatsapp.com\/send?phone=34603858264&amp;text=Hola%20necesito%20tu%20asesoramiento%20sobre%20vuestros%20productos\" class=\"qbutton white \" target=\"_self\" style=\"\">Asesorar<\/a><\/div><\/div><\/div><\/div>[\/vc_column][\/vc_row][vc_row css_animation=\u00bb\u00bb row_type=\u00bbrow\u00bb use_row_as_full_screen_section=\u00bbno\u00bb type=\u00bbfull_width\u00bb angled_section=\u00bbno\u00bb text_align=\u00bbleft\u00bb background_image_as_pattern=\u00bbwithout_pattern\u00bb][vc_column][vc_column_text]<\/p>\n<p style=\"text-align: center;\"><span style=\"color: #ffffff;\">Imprenta en Barcelona, Imprenta en\u00a0Badia, Imprenta en Barber\u00e0 del Vall\u00e8s, Imprenta en Castellar, Imprenta en Castellbisbal, Imprenta en Gallifa, Imprenta en Matadepera, Imprenta en Montcada i Reixac, Imprenta en Palau-solit\u00e0 i Plegamans, Imprenta en Poliny\u00e0 , Imprenta en Rellinars, Imprenta en Ripollet, Imprenta en Rub\u00ed, Imprenta en Sabadell, Centre, Imprenta en L\u2019eixample, Imprenta en Sant Cugat del Vall\u00e8s, Imprenta en Sant Lloren\u00e7 Savall, Imprenta en Sant Quirze del Vall\u00e8s, Imprenta en Santa Perp\u00e8tua de Mogoda, Imprenta en Sentmenat, Imprenta en Terrassa, Imprenta en Ullastrell, Imprenta en Vacarisses, Imprenta en Viladecavalls, Imprenta en Badalona, Imprenta en Les Corts, Imprenta en Barrio g\u00f3tico, Imprenta en Nou Barris, Imprenta en Horta- Guinard\u00f3, Imprenta en Sarri\u00e0-Sant Gervasi, Imprenta en Les Corts, Imprenta en Gr\u00e0cia, Imprenta en Sants, Imprenta en Eixample, Imprenta en Hospitalet.<\/span><\/p>\n<p>[\/vc_column_text][\/vc_column][\/vc_row]<\/p>\n<\/div>","protected":false},"excerpt":{"rendered":"<p>[vc_row css_animation=\u00bb\u00bb row_type=\u00bbrow\u00bb use_row_as_full_screen_section=\u00bbno\u00bb type=\u00bbfull_width\u00bb angled_section=\u00bbno\u00bb text_align=\u00bbleft\u00bb background_image_as_pattern=\u00bbwithout_pattern\u00bb css=\u00bb.vc_custom_1651823328478{padding-top: 100px !important;background-color: #c54440 !important;}\u00bb z_index=\u00bb\u00bb][vc_column][\/vc_column][\/vc_row][vc_row css_animation=\u00bb\u00bb row_type=\u00bbrow\u00bb use_row_as_full_screen_section=\u00bbno\u00bb type=\u00bbgrid\u00bb angled_section=\u00bbno\u00bb text_align=\u00bbcenter\u00bb background_image_as_pattern=\u00bbwithout_pattern\u00bb anchor=\u00bbservicios\u00bb z_index=\u00bb\u00bb css=\u00bb.vc_custom_1651823302838{padding-top: 104px !important;}\u00bb background_color=\u00bb#ffffff\u00bb border_color=\u00bb#ffffff\u00bb][vc_column css=\u00bb.vc_custom_1649233684177{background-color: #ffffff !important;}\u00bb][vc_column_text] LOGOTIPO, ISOTIPO, IMAGOTIPO [\/vc_column_text][vc_empty_space height=\u00bb3px\u00bb][vc_column_text] DISE\u00d1O DE LOGOS EN CERDANYOLA [\/vc_column_text][\/vc_column][\/vc_row][vc_row css_animation=\u00bb\u00bb row_type=\u00bbrow\u00bb use_row_as_full_screen_section=\u00bbno\u00bb&#8230;<\/p>\n","protected":false},"author":1,"featured_media":4572,"parent":0,"menu_order":0,"comment_status":"closed","ping_status":"closed","template":"full_width.php","meta":{"footnotes":""},"yst_prominent_words":[428,283,1049,772,286,284,1046,278,494],"class_list":["post-4414","page","type-page","status-publish","has-post-thumbnail","hentry"],"_links":{"self":[{"href":"https:\/\/imprenta.org.es\/cerdanyola-del-valles\/wp-json\/wp\/v2\/pages\/4414","targetHints":{"allow":["GET"]}}],"collection":[{"href":"https:\/\/imprenta.org.es\/cerdanyola-del-valles\/wp-json\/wp\/v2\/pages"}],"about":[{"href":"https:\/\/imprenta.org.es\/cerdanyola-del-valles\/wp-json\/wp\/v2\/types\/page"}],"author":[{"embeddable":true,"href":"https:\/\/imprenta.org.es\/cerdanyola-del-valles\/wp-json\/wp\/v2\/users\/1"}],"replies":[{"embeddable":true,"href":"https:\/\/imprenta.org.es\/cerdanyola-del-valles\/wp-json\/wp\/v2\/comments?post=4414"}],"version-history":[{"count":5,"href":"https:\/\/imprenta.org.es\/cerdanyola-del-valles\/wp-json\/wp\/v2\/pages\/4414\/revisions"}],"predecessor-version":[{"id":4603,"href":"https:\/\/imprenta.org.es\/cerdanyola-del-valles\/wp-json\/wp\/v2\/pages\/4414\/revisions\/4603"}],"wp:featuredmedia":[{"embeddable":true,"href":"https:\/\/imprenta.org.es\/cerdanyola-del-valles\/wp-json\/wp\/v2\/media\/4572"}],"wp:attachment":[{"href":"https:\/\/imprenta.org.es\/cerdanyola-del-valles\/wp-json\/wp\/v2\/media?parent=4414"}],"wp:term":[{"taxonomy":"yst_prominent_words","embeddable":true,"href":"https:\/\/imprenta.org.es\/cerdanyola-del-valles\/wp-json\/wp\/v2\/yst_prominent_words?post=4414"}],"curies":[{"name":"wp","href":"https:\/\/api.w.org\/{rel}","templated":true}]}}