{"id":4456,"date":"2022-05-18T09:30:52","date_gmt":"2022-05-18T09:30:52","guid":{"rendered":"https:\/\/imprenta.org.es\/cerdanyola-del-valles\/?page_id=4456"},"modified":"2022-09-21T09:08:50","modified_gmt":"2022-09-21T09:08:50","slug":"flyers","status":"publish","type":"page","link":"https:\/\/imprenta.org.es\/cerdanyola-del-valles\/flyers\/","title":{"rendered":"FLYERS"},"content":{"rendered":"<div class=\"wpb-content-wrapper\"><p>[vc_row css_animation=\u00bb\u00bb row_type=\u00bbrow\u00bb use_row_as_full_screen_section=\u00bbno\u00bb type=\u00bbfull_width\u00bb angled_section=\u00bbno\u00bb text_align=\u00bbleft\u00bb background_image_as_pattern=\u00bbwithout_pattern\u00bb css=\u00bb.vc_custom_1651823328478{padding-top: 100px !important;background-color: #c54440 !important;}\u00bb z_index=\u00bb\u00bb][vc_column][\/vc_column][\/vc_row][vc_row css_animation=\u00bb\u00bb row_type=\u00bbrow\u00bb use_row_as_full_screen_section=\u00bbno\u00bb type=\u00bbgrid\u00bb angled_section=\u00bbno\u00bb text_align=\u00bbcenter\u00bb background_image_as_pattern=\u00bbwithout_pattern\u00bb anchor=\u00bbservicios\u00bb z_index=\u00bb\u00bb css=\u00bb.vc_custom_1651823302838{padding-top: 104px !important;}\u00bb background_color=\u00bb#ffffff\u00bb border_color=\u00bb#ffffff\u00bb][vc_column css=\u00bb.vc_custom_1649233684177{background-color: #ffffff !important;}\u00bb][vc_column_text]<\/p>\n<h6><strong>A DOS CARAS, DIFERENTES TAMA\u00d1OS<\/strong><\/h6>\n<p>[\/vc_column_text][vc_empty_space height=\u00bb3px\u00bb][vc_column_text]<\/p>\n<h1 style=\"text-align: center;\"><strong>FLYERS EN CERDANYOLA<\/strong><\/h1>\n<p>[\/vc_column_text][\/vc_column][\/vc_row][vc_row css_animation=\u00bb\u00bb row_type=\u00bbrow\u00bb use_row_as_full_screen_section=\u00bbno\u00bb type=\u00bbgrid\u00bb angled_section=\u00bbno\u00bb text_align=\u00bbleft\u00bb background_image_as_pattern=\u00bbwithout_pattern\u00bb anchor=\u00bbservices\u00bb z_index=\u00bb\u00bb css=\u00bb.vc_custom_1526038681101{padding-top: 104px !important;padding-bottom: 27px !important;}\u00bb][vc_column][vc_column_text]<\/p>\n<p style=\"text-align: center;\">Llevamos a cabo la fabricaci\u00f3n y el dise\u00f1o de todo tipo de <strong>flyers<\/strong><strong>\u00a0en Cerdanyola del Vall\u00e9s<\/strong> a precios econ\u00f3micos. A todo color, dos caras, diferentes tama\u00f1os. <strong>Compra tus flyers online para tu negocio en Cerdanyola del Vall\u00e9s<\/strong>.<\/p>\n<p>[\/vc_column_text][vc_single_image image=\u00bb4457&#8243; img_size=\u00bbfull\u00bb alignment=\u00bbcenter\u00bb qode_css_animation=\u00bb\u00bb css=\u00bb.vc_custom_1652865649477{margin-top: 25px !important;}\u00bb][\/vc_column][\/vc_row][vc_row css_animation=\u00bb\u00bb row_type=\u00bbrow\u00bb use_row_as_full_screen_section=\u00bbno\u00bb type=\u00bbgrid\u00bb angled_section=\u00bbno\u00bb text_align=\u00bbcenter\u00bb background_image_as_pattern=\u00bbwithout_pattern\u00bb anchor=\u00bbproductos\u00bb z_index=\u00bb\u00bb css=\u00bb.vc_custom_1651736078657{padding-top: 104px !important;background-color: #ffffff !important;}\u00bb background_color=\u00bb#ffffff\u00bb border_color=\u00bb#ffffff\u00bb][vc_column css=\u00bb.vc_custom_1649236070094{background-color: #ffffff !important;}\u00bb][vc_column_text]<\/p>\n<h6><strong>LOWCOST<\/strong><\/h6>\n<p>[\/vc_column_text][vc_empty_space height=\u00bb3px\u00bb][vc_column_text css=\u00bb.vc_custom_1652865664601{margin-bottom: 50px !important;}\u00bb]<\/p>\n<h2><strong>FLYERS ECON\u00d3MICOS<\/strong><\/h2>\n<p>[\/vc_column_text][vc_column_text]<\/p>\n<p style=\"text-align: center;\">La producci\u00f3n de flyers low cost est\u00e1 muy demanda ya que ofrecemos <strong>flyers<\/strong> econ\u00f3micos sin perder la calidad que nos caracteriza. Se debe realizar un trabajo de campo antes de llevar a cabo la producci\u00f3n de dichos flyers, ya que es de vital importancia saber que informaci\u00f3n a\u00f1adir, que tipo de material se adapta mejor a tus necesidades, etc.<\/p>\n<p>[\/vc_column_text][vc_empty_space height=\u00bb50px\u00bb][\/vc_column][\/vc_row][vc_row css_animation=\u00bb\u00bb row_type=\u00bbrow\u00bb use_row_as_full_screen_section=\u00bbno\u00bb type=\u00bbfull_width\u00bb angled_section=\u00bbno\u00bb text_align=\u00bbleft\u00bb background_image_as_pattern=\u00bbwithout_pattern\u00bb css=\u00bb.vc_custom_1651827016600{background-color: #000000 !important;}\u00bb z_index=\u00bb\u00bb][vc_column]<div class=\"call_to_action normal\" style=\"background-color: #000000;\"><div class=\"container_inner\"><div class=\"two_columns_75_25 clearfix\"><div class=\"text_wrapper column1\"><div class=\"call_to_action_text \" style=\"\">\n<h3><span style=\"color: #ffffff;\">Pru\u00e9banos ahora y empieza a imprimir tus flyers.<\/span><\/h3>\n<\/div><\/div><div class=\"button_wrapper column2\"><a itemprop=\"url\" href=\"https:\/\/api.whatsapp.com\/send?phone=+34603858264&amp;text=Necesito%20informaci%C3%B3n%20acerca%20de%20flyers\" class=\"qbutton white \" target=\"_self\" style=\"\">Asesorar<\/a><\/div><\/div><\/div><\/div>[\/vc_column][\/vc_row][vc_row css_animation=\u00bb\u00bb row_type=\u00bbrow\u00bb use_row_as_full_screen_section=\u00bbno\u00bb type=\u00bbgrid\u00bb angled_section=\u00bbno\u00bb text_align=\u00bbcenter\u00bb background_image_as_pattern=\u00bbwithout_pattern\u00bb anchor=\u00bbproductos\u00bb z_index=\u00bb\u00bb css=\u00bb.vc_custom_1651736078657{padding-top: 104px !important;background-color: #ffffff !important;}\u00bb background_color=\u00bb#ffffff\u00bb border_color=\u00bb#ffffff\u00bb][vc_column css=\u00bb.vc_custom_1649236070094{background-color: #ffffff !important;}\u00bb][vc_column_text]<\/p>\n<h6><strong>MATERIAL ALTA CALIDAD<\/strong><\/h6>\n<p>[\/vc_column_text][vc_empty_space height=\u00bb3px\u00bb][vc_column_text css=\u00bb.vc_custom_1651824894976{margin-bottom: 50px !important;}\u00bb]<\/p>\n<h2><strong>\u00bfPOR QU\u00c9 ELEGIRNOS?<\/strong><\/h2>\n<p>[\/vc_column_text][vc_column_text]<\/p>\n<p style=\"text-align: center;\">Nos dedicamos al dise\u00f1o, fabricaci\u00f3n e instalaci\u00f3n de <b>flyers,<\/b>\u00a0y a la realizaci\u00f3n de trabajos en <strong>vinilo de corte<\/strong>\u00a0e impresi\u00f3n digital de peque\u00f1o y gran formato sobre diferentes materiales, lona, vinilo, papel y textil.<\/p>\n<p>&nbsp;<\/p>\n<p>&nbsp;<\/p>\n<p style=\"text-align: center;\">Tratamos de proporcionar<strong> las mejores soluciones de flyers<\/strong> a particulares, empresas y entidades de diferentes sectores, desde el peque\u00f1o comercio hasta las grandes firmas.<\/p>\n<p>&nbsp;<\/p>\n<p>&nbsp;<\/p>\n<p style=\"text-align: center;\">Somos fabricantes y distribuidores de distintos tipos de soportes publicitarios, fijos y port\u00e1tiles para ferias, congresos, exposiciones, etc.<\/p>\n<p>&nbsp;<\/p>\n<p>&nbsp;<\/p>\n<p style=\"text-align: center;\">Para poder llevar a cabo nuestros proyectos <strong>contamos con maquinaria de \u00faltima tecnolog\u00eda<\/strong> y un<strong> equipo de profesionales<\/strong> con una amplia experiencia en el sector, que durante el proceso de fabricaci\u00f3n prestan una especial atenci\u00f3n e inter\u00e9s par\u00e1ndose en cada detalle para conseguir acabados perfectos, y poder compartir con nuestros clientes la satisfacci\u00f3n de un trabajo bien hecho.<\/p>\n<p>&nbsp;<\/p>\n<p>&nbsp;<\/p>\n<div style=\"text-align: center;\">\n<p>Los flyers son b\u00e1sicos para cualquier negocio y nosotros somos expertos en imprenta, si necesitas renovar tus flyers has llegado al lugar m\u00e1s adecuado.<\/p>\n<\/div>\n<p>&nbsp;<\/p>\n<p>&nbsp;<\/p>\n<p>&nbsp;<\/p>\n<p>&nbsp;<\/p>\n<p style=\"text-align: center;\">Cuando hablamos de <strong>flyers<\/strong> nos referimos a<strong> folletos que sirven<\/strong> de soporte para la<strong> promoci\u00f3n y comunicaci\u00f3n<\/strong> de tu marca en cualquier situaci\u00f3n y contexto. Con ellos puedes dar a conocer tu marca, informar acerca de promociones, etc. \u00c9stos pueden ser distribuidos por ferias, mercados, conciertos o lugares de mucho tr\u00e1nsito.<\/p>\n<p>&nbsp;<\/p>\n<p>&nbsp;<\/p>\n<p style=\"text-align: center;\">Puedes realizar tus flyers en diferentes formatos ya sea A4, A5, A6, entre otros y elegir la orientaci\u00f3n de \u00e9stos. No dudes en preguntarnos para asesorarte acerca de los tipos de papel y el gramaje para tus flyers online..<\/p>\n<p>&nbsp;<\/p>\n<p>&nbsp;<\/p>\n<div style=\"text-align: center;\">\n<div style=\"text-align: center;\">No dude en ponerse en contacto con nosotros para que podamos asesorarle en el su dise\u00f1o de sus folletos en Cerdanyola del Vall\u00e9s, podemos ayudarte con el dise\u00f1o, los materiales, y todo lo que necesites para que su <strong>flyers<\/strong>\u00a0sea exactamente lo que necesita, sin tener que gastar dinero de m\u00e1s ni obtener resultados inesperados o indeseados.<\/div>\n<\/div>\n<div style=\"text-align: center;\"><\/div>\n<div style=\"text-align: center;\"><\/div>\n<div style=\"text-align: center;\"><\/div>\n<div><\/div>\n<div style=\"text-align: center;\"><\/div>\n<div>\n<div style=\"text-align: center;\">Rotulaci\u00f3n al mejor precio. Trato personalizado, ll\u00e1menos! PVC Y\u00a0<b>Luminosos<\/b>. Bandejas De Aluminio. Acero Inoxidable. Corp\u00f3reas De Aluminio. Tipos:\u00a0<b>Luminosos<\/b>, Corp\u00f3reos, Acero Inoxidable, Aluminio, PVC, vinilos y lonas publicitarias.<\/div>\n<\/div>\n<p>[\/vc_column_text][vc_empty_space height=\u00bb50px\u00bb][\/vc_column][\/vc_row][vc_row css_animation=\u00bb\u00bb row_type=\u00bbrow\u00bb use_row_as_full_screen_section=\u00bbno\u00bb type=\u00bbgrid\u00bb angled_section=\u00bbno\u00bb text_align=\u00bbleft\u00bb background_image_as_pattern=\u00bbwithout_pattern\u00bb css=\u00bb.vc_custom_1651825413976{padding-top: 10px !important;padding-bottom: 10px !important;background-color: #000000 !important;}\u00bb z_index=\u00bb\u00bb][vc_column]<div class=\"call_to_action normal\" style=\"background-color: #000000;\"><div class=\"container_inner\"><div class=\"two_columns_75_25 clearfix\"><div class=\"text_wrapper column1\"><div class=\"call_to_action_text \" style=\"\">\n<h3><span style=\"color: #ffffff;\">Nuestros especialistas te asesorar\u00e1n para llevar a cabo tu proyecto publicitario. <\/span><\/h3>\n<\/div><\/div><div class=\"button_wrapper column2\"><a itemprop=\"url\" href=\"https:\/\/api.whatsapp.com\/send?phone=34603858264&amp;text=Hola%20necesito%20tu%20asesoramiento%20sobre%20vuestros%20productos\" class=\"qbutton white \" target=\"_self\" style=\"\">Asesorar<\/a><\/div><\/div><\/div><\/div>[\/vc_column][\/vc_row][vc_row css_animation=\u00bb\u00bb row_type=\u00bbrow\u00bb use_row_as_full_screen_section=\u00bbno\u00bb type=\u00bbfull_width\u00bb angled_section=\u00bbno\u00bb text_align=\u00bbleft\u00bb background_image_as_pattern=\u00bbwithout_pattern\u00bb][vc_column][vc_column_text]<\/p>\n<p style=\"text-align: center;\"><span style=\"color: #ffffff;\">Imprenta en Barcelona, Imprenta en\u00a0Badia, Imprenta en Barber\u00e0 del Vall\u00e8s, Imprenta en Castellar, Imprenta en Castellbisbal, Imprenta en Gallifa, Imprenta en Matadepera, Imprenta en Montcada i Reixac, Imprenta en Palau-solit\u00e0 i Plegamans, Imprenta en Poliny\u00e0 , Imprenta en Rellinars, Imprenta en Ripollet, Imprenta en Rub\u00ed, Imprenta en Sabadell, Centre, Imprenta en L\u2019eixample, Imprenta en Sant Cugat del Vall\u00e8s, Imprenta en Sant Lloren\u00e7 Savall, Imprenta en Sant Quirze del Vall\u00e8s, Imprenta en Santa Perp\u00e8tua de Mogoda, Imprenta en Sentmenat, Imprenta en Terrassa, Imprenta en Ullastrell, Imprenta en Vacarisses, Imprenta en Viladecavalls, Imprenta en Badalona, Imprenta en Les Corts, Imprenta en Barrio g\u00f3tico, Imprenta en Nou Barris, Imprenta en Horta- Guinard\u00f3, Imprenta en Sarri\u00e0-Sant Gervasi, Imprenta en Les Corts, Imprenta en Gr\u00e0cia, Imprenta en Sants, Imprenta en Eixample, Imprenta en Hospitalet.<\/span><\/p>\n<p>[\/vc_column_text][\/vc_column][\/vc_row]<\/p>\n<\/div>","protected":false},"excerpt":{"rendered":"<p>[vc_row css_animation=\u00bb\u00bb row_type=\u00bbrow\u00bb use_row_as_full_screen_section=\u00bbno\u00bb type=\u00bbfull_width\u00bb angled_section=\u00bbno\u00bb text_align=\u00bbleft\u00bb background_image_as_pattern=\u00bbwithout_pattern\u00bb css=\u00bb.vc_custom_1651823328478{padding-top: 100px !important;background-color: #c54440 !important;}\u00bb z_index=\u00bb\u00bb][vc_column][\/vc_column][\/vc_row][vc_row css_animation=\u00bb\u00bb row_type=\u00bbrow\u00bb use_row_as_full_screen_section=\u00bbno\u00bb type=\u00bbgrid\u00bb angled_section=\u00bbno\u00bb text_align=\u00bbcenter\u00bb background_image_as_pattern=\u00bbwithout_pattern\u00bb anchor=\u00bbservicios\u00bb z_index=\u00bb\u00bb css=\u00bb.vc_custom_1651823302838{padding-top: 104px !important;}\u00bb background_color=\u00bb#ffffff\u00bb border_color=\u00bb#ffffff\u00bb][vc_column css=\u00bb.vc_custom_1649233684177{background-color: #ffffff !important;}\u00bb][vc_column_text] A DOS CARAS, DIFERENTES TAMA\u00d1OS [\/vc_column_text][vc_empty_space height=\u00bb3px\u00bb][vc_column_text] FLYERS EN CERDANYOLA [\/vc_column_text][\/vc_column][\/vc_row][vc_row css_animation=\u00bb\u00bb row_type=\u00bbrow\u00bb use_row_as_full_screen_section=\u00bbno\u00bb&#8230;<\/p>\n","protected":false},"author":1,"featured_media":4279,"parent":0,"menu_order":0,"comment_status":"closed","ping_status":"closed","template":"full_width.php","meta":{"footnotes":""},"yst_prominent_words":[428,436,283,496,291,776,466],"class_list":["post-4456","page","type-page","status-publish","has-post-thumbnail","hentry"],"_links":{"self":[{"href":"https:\/\/imprenta.org.es\/cerdanyola-del-valles\/wp-json\/wp\/v2\/pages\/4456","targetHints":{"allow":["GET"]}}],"collection":[{"href":"https:\/\/imprenta.org.es\/cerdanyola-del-valles\/wp-json\/wp\/v2\/pages"}],"about":[{"href":"https:\/\/imprenta.org.es\/cerdanyola-del-valles\/wp-json\/wp\/v2\/types\/page"}],"author":[{"embeddable":true,"href":"https:\/\/imprenta.org.es\/cerdanyola-del-valles\/wp-json\/wp\/v2\/users\/1"}],"replies":[{"embeddable":true,"href":"https:\/\/imprenta.org.es\/cerdanyola-del-valles\/wp-json\/wp\/v2\/comments?post=4456"}],"version-history":[{"count":5,"href":"https:\/\/imprenta.org.es\/cerdanyola-del-valles\/wp-json\/wp\/v2\/pages\/4456\/revisions"}],"predecessor-version":[{"id":4595,"href":"https:\/\/imprenta.org.es\/cerdanyola-del-valles\/wp-json\/wp\/v2\/pages\/4456\/revisions\/4595"}],"wp:featuredmedia":[{"embeddable":true,"href":"https:\/\/imprenta.org.es\/cerdanyola-del-valles\/wp-json\/wp\/v2\/media\/4279"}],"wp:attachment":[{"href":"https:\/\/imprenta.org.es\/cerdanyola-del-valles\/wp-json\/wp\/v2\/media?parent=4456"}],"wp:term":[{"taxonomy":"yst_prominent_words","embeddable":true,"href":"https:\/\/imprenta.org.es\/cerdanyola-del-valles\/wp-json\/wp\/v2\/yst_prominent_words?post=4456"}],"curies":[{"name":"wp","href":"https:\/\/api.w.org\/{rel}","templated":true}]}}